{"id":2428,"date":"2024-12-04T21:02:59","date_gmt":"2024-12-04T20:02:59","guid":{"rendered":"http:\/\/design-by-doud.com\/?page_id=2428"},"modified":"2024-12-04T21:02:59","modified_gmt":"2024-12-04T20:02:59","slug":"mentions-legales","status":"publish","type":"page","link":"https:\/\/design-by-doud.com\/index.php\/mentions-legales\/","title":{"rendered":"Mentions l\u00e9gales"},"content":{"rendered":"\n<p><strong>DESIGN BY DOUD<\/strong><\/p>\n\n\n\n<p><a>SIRET 983324682<\/a><\/p>\n\n\n\n<p><strong>CONDITIONS GENERALES DE PRESTATIONS DE SERVICES B2B<\/strong><\/p>\n\n\n\n<p><strong>Num\u00e9ro de version des pr\u00e9sentes CGS&nbsp;:&nbsp; <em>V1.1<\/em><\/strong><\/p>\n\n\n\n<p><strong>I &#8211; Objet<\/strong><\/p>\n\n\n\n<ol class=\"wp-block-list\">\n<li>Les pr\u00e9sentes Conditions G\u00e9n\u00e9rales de Prestations de Services (CGS) d\u00e9finissent les modalit\u00e9s selon lesquelles <em>Monsieur Abdou N\u2019Diaye\/ la soci\u00e9t\u00e9 Design by Doud <\/em>(ci-apr\u00e8s DBD ou le Photographe) r\u00e9alise une ou plusieurs Photographies, dans un contexte d\u00e9termin\u00e9, au profit d\u2019un client professionnel (Client).<\/li>\n<\/ol>\n\n\n\n<p><strong>II &#8211; Prestations<\/strong><\/p>\n\n\n\n<ul class=\"wp-block-list\">\n<li>Les prestations propos\u00e9es par DBD dans le cadre des pr\u00e9sentes CGS consistent en la r\u00e9alisation de photographies.<\/li>\n\n\n\n<li><strong>Prestations sollicit\u00e9es<\/strong><\/li>\n\n\n\n<li>Les photographies sont r\u00e9alis\u00e9es selon les caract\u00e9ristiques d\u00e9finies dans les Conditions Particuli\u00e8res (CPS)ci-apr\u00e8s. Ces caract\u00e9ristiques sont d\u00e9finies avant toute commande.<\/li>\n\n\n\n<li>Elles sont livr\u00e9es accompagn\u00e9es d\u2019une description l\u00e9gend\u00e9e.<\/li>\n\n\n\n<li>Elles sont r\u00e9alis\u00e9es dans le style habituel du Photographe, dont le Client dit avoir connaissance et qui est notamment consultable sur le compte Instagram du Photographe [<em>ins\u00e9rer r\u00e9f\u00e9rences<\/em>].<\/li>\n\n\n\n<li><strong>Qualit\u00e9 des prestations<\/strong><\/li>\n\n\n\n<li>Le Photographe s\u2019engage \u00e0 apporter toute la diligence et le professionnalisme requis, pour la r\u00e9alisation des \u0153uvres.<\/li>\n\n\n\n<li>Le Photographe atteste que la photographie objet du Contrat sign\u00e9 en application des pr\u00e9sentes CGS (l\u2019\u0152uvre) est une r\u00e9alisation originale. Il d\u00e9clare et garantit en outre qu\u2019il n\u2019incorporera pas dans l\u2019\u0152uvre d\u2019\u00e9l\u00e9ment emprunt\u00e9 \u00e0 une cr\u00e9ation pr\u00e9c\u00e9dente ou existante, ni d\u2019\u00e9l\u00e9ment susceptible de porter atteinte aux droits de tiers.<\/li>\n<\/ul>\n\n\n\n<p><strong>III &#8211; Obligations essentielles des Parties<\/strong><\/p>\n\n\n\n<ol class=\"wp-block-list\">\n<li>L\u2019obligation essentielle de DBD est de r\u00e9aliser l\u2019\u0152uvre, livrer une repr\u00e9sentation de l\u2019\u0152uvre photographie sur un support d\u00e9termin\u00e9, et\/ou octroyer au Client des droits d\u2019utilisation sur l\u2019\u0152uvre, selon l\u2019accord d\u00e9taill\u00e9 aux Conditions Particuli\u00e8res.<\/li>\n\n\n\n<li>En consid\u00e9ration des caract\u00e9ristiques des obligations essentielles de DBD, les obligations de DBD en application du Contrat sont des obligations de moyens.<\/li>\n\n\n\n<li>L\u2019obligation essentielle du Client est de payer le prix convenu, et de respecter le cadre juridique de la propri\u00e9t\u00e9 litt\u00e9raire et artistique applicable aux cr\u00e9ations photographiques.<\/li>\n<\/ol>\n\n\n\n<p><strong>IV \u2013 Accord des Parties<\/strong><\/p>\n\n\n\n<ol class=\"wp-block-list\">\n<li>L\u2019accord des parties est formalis\u00e9 par la signature des CGS, des CPS, et le paiement de la facture d\u2019acompte.<\/li>\n\n\n\n<li>Les modifications des CPS par le Client apr\u00e8s cette signature peuvent entra\u00eener une modification du prix initialement convenu. Le cas \u00e9ch\u00e9ant, DBD en informe le Client.<\/li>\n<\/ol>\n\n\n\n<p><strong>V &#8211; Livraison<\/strong><\/p>\n\n\n\n<ol class=\"wp-block-list\">\n<li><strong>D\u00e9lai<\/strong><\/li>\n\n\n\n<li>DBD s\u2019engage \u00e0 ex\u00e9cuter son obligation, en respectant les d\u00e9lais convenus dans le cadre des CPS.<\/li>\n\n\n\n<li>En cas de retard du fait de BDB, les parties conviennent d\u2019un report de la date de livraison, sans que celui-ci ne puisse exc\u00e9der le nombre de jours pr\u00e9vu pour urgence technique dans le cadre des CPS.<\/li>\n\n\n\n<li><strong>Finalisation<\/strong><\/li>\n\n\n\n<li>Compte tenu de la nature sp\u00e9cifique des prestations objet du Contrat, le Photographe est seul juge de l\u2019ach\u00e8vement du travail.<\/li>\n\n\n\n<li>Si le Contrat des parties pr\u00e9voit la remise au client de photographies, sauf accord contraire des parties, le Photographe s\u2019engage \u00e0 remettre au Client les orignaux d\u00e9velopp\u00e9s des Photographies, selon les modalit\u00e9s d\u00e9finies dans le cadre des CPS.<\/li>\n<\/ol>\n\n\n\n<p><strong>VI \u2013 Collaboration avec le Client<\/strong><\/p>\n\n\n\n<ul class=\"wp-block-list\">\n<li><strong>Principes directeurs<\/strong><\/li>\n\n\n\n<li>DBD et le Client s\u2019engagent \u00e0 collaborer de bonne foi, en toute loyaut\u00e9, en toute transparence, et avec une r\u00e9activit\u00e9 optimale.<\/li>\n\n\n\n<li><strong>Interlocuteurs privil\u00e9gi\u00e9s<\/strong><\/li>\n\n\n\n<li>Il est conseill\u00e9 au Client de bien communiquer aupr\u00e8s de ses \u00e9quipes et de toute autre partie int\u00e9ress\u00e9e, le cas \u00e9ch\u00e9ant, les informations n\u00e9cessaires sur les missions de DBD et leur champ d\u2019application. Il informe notamment \u00e0 ce titre ses \u00e9quipes et partenaires, pour que ceux-ci comprennent bien le r\u00f4le et la mission de DBD, et s\u2019inscrivent aupr\u00e8s de DBD dans une dynamique efficace et constructive.<\/li>\n\n\n\n<li>Par souci d\u2019efficacit\u00e9, en consid\u00e9ration de la sp\u00e9cificit\u00e9 technique des missions confi\u00e9es \u00e0 DBD, et de la coh\u00e9rence n\u00e9cessaire dans les d\u00e9marches de communication et\/ou de cr\u00e9ation d\u2019\u0152uvre, DBD et le Client (les \u00ab\u00a0Parties\u00a0\u00bb) conviennent d\u2019assigner chacune un interlocuteur unique, d\u00e9di\u00e9 au suivi des Prestations, et apte \u00e0 encadrer tous les aspects de leur collaboration.<\/li>\n\n\n\n<li>Le Client s\u2019engage \u00e0 collaborer avec DBD en toute transparence et \u00e0 transmettre en temps utile \u00e0 DBD l\u2019ensemble des \u00e9l\u00e9ments et informations sollicit\u00e9s, qui sont n\u00e9cessaires au bon d\u00e9roulement de sa mission.<\/li>\n\n\n\n<li>DBD reste libre du choix des ressources et de la m\u00e9thodologie appliqu\u00e9e aux fins de la r\u00e9alisation des prestations confi\u00e9es dans le cadre du Contrat.<\/li>\n\n\n\n<li><strong>\u00c9quipe projet, Contexte de r\u00e9alisation<\/strong><\/li>\n\n\n\n<li>Si la r\u00e9alisation des Prestations intervient dans un contexte o\u00f9 une \u00e9quipe de personnes est mobilis\u00e9e dans le cadre d\u2019un projet du Client (par exemple, pour la r\u00e9alisation d\u2019une photographie destin\u00e9e \u00e0 une campagne de communication)\u00a0:<ul><li>DBD ne reste responsable que de l\u2019ex\u00e9cution des prestations command\u00e9es \u00e0 sa structure dans le cadre des CPS\u00a0;<\/li><\/ul>\n<ul class=\"wp-block-list\">\n<li>DBD ne peut pas voir sa responsabilit\u00e9 engag\u00e9e pour des motifs qui tiendraient \u00e0 des actions ou des omissions d\u2019autres personnes, notamment en cas de retard de transmission d\u2019informations de leur part ou en cas d\u2019absence des personnes suppos\u00e9es \u00eatre photographi\u00e9es,<\/li>\n<\/ul>\n<\/li>\n\n\n\n<li>DBD ne peut pas voir sa responsabilit\u00e9 engag\u00e9e en cas d\u2019absence des conditions n\u00e9cessaires \u00e0 la prise de photographies ou en cas d\u2019absence des conditions m\u00e9t\u00e9orologiques n\u00e9cessaires \u00e0 la r\u00e9alisation des prestations par rapport \u00e0 leur objectif ou par rapport \u00e0 la s\u00e9curit\u00e9 des mat\u00e9riels du Photographe.<\/li>\n\n\n\n<li><strong>Qualit\u00e9 des informations communiqu\u00e9es par le Client<\/strong><\/li>\n\n\n\n<li>Le Client s\u2019engage \u00e0 communiquer \u00e0 DBD, en temps utile, toutes les informations n\u00e9cessaires \u00e0 la r\u00e9alisation des prestations, en mentionnant le cas \u00e9ch\u00e9ant la r\u00e8glementation sp\u00e9cifique ou les usages propres \u00e0 son m\u00e9tier et\/ou au projet concern\u00e9 par les prestations. Le Client est \u00e0 cet \u00e9gard seul responsable du contenu, de la pertinence, et de la bonne actualisation de ces informations.<\/li>\n<\/ul>\n\n\n\n<p>DBD n\u2019est pas responsable \u00e0 cet \u00e9gard.<\/p>\n\n\n\n<ul class=\"wp-block-list\">\n<li>Afin de s\u2019assurer de la qualit\u00e9 des informations qu\u2019il transmet \u00e0 DBD, le Client s\u2019engage \u00e0 notifier imm\u00e9diatement \u00e0 DBD des \u00e9ventuelles erreurs et\/ou discordances concernant des donn\u00e9es transmises. Le cas \u00e9ch\u00e9ant, les actions correctives rendues n\u00e9cessaires sur les prestations sont susceptibles de g\u00e9n\u00e9rer un suppl\u00e9ment de prix, ce suppl\u00e9ment de travail n\u2019ayant pas \u00e9t\u00e9 anticip\u00e9 \u00e0 la signature du Contrat.<\/li>\n\n\n\n<li>Plus g\u00e9n\u00e9ralement, toute t\u00e2che compl\u00e9mentaire ou mobilisation rendue n\u00e9cessaire par une modification des conditions initiales prises en compte dans le devis pourra donner lieu \u00e0 :<ul><li>une adaptation du devis concernant la description des prestations\u00a0; et<\/li><\/ul><ul><li>une facturation suppl\u00e9mentaire au temps pass\u00e9 ou une r\u00e9vision du devis, pour prendre en compte le suppl\u00e9ment de travail et l\u2019impact sur l\u2019organisation de l\u2019activit\u00e9 de DBD\u00a0; et\/ou<\/li><\/ul>\n<ul class=\"wp-block-list\">\n<li>une adaptation du calendrier initialement envisag\u00e9.\u00a0<\/li>\n<\/ul>\n<\/li>\n<\/ul>\n\n\n\n<p>Ces adaptations seront communiqu\u00e9es formellement au Client&nbsp;?<\/p>\n\n\n\n<ul class=\"wp-block-list\">\n<li><strong>Utilisation <\/strong><strong>de<\/strong><strong> la Prestation<\/strong><\/li>\n\n\n\n<li>L\u2019utilisation pr\u00e9vue des prestations et\/ou de l\u2019\u0152uvre est d\u00e9finie dans le cadre des CPS, avant la signature du Contrat.<\/li>\n\n\n\n<li>L\u2019utilisation pr\u00e9vue de la prestation et\/ou de l\u2019\u0152uvre influe sur la d\u00e9termination du prix et des modalit\u00e9s de r\u00e9alisation des Prestations et\/ou de l\u2019\u0152uvre, de sorte que, si le Client souhaite modifier l\u2019utilisation pr\u00e9vue de la prestation et\/ou de l\u2019\u0152uvre, il devra en informer au pr\u00e9alable DBD, qui l\u2019informera des \u00e9ventuelles cons\u00e9quences sur les termes du Contrat initialement convenu.<\/li>\n\n\n\n<li>Sauf accord \u00e9crit expr\u00e8s pr\u00e9alable des Parties en ce sens, le b\u00e9n\u00e9fice des prestations est personnel et non cessible.<\/li>\n\n\n\n<li><strong>Modalit\u00e9s d\u2019ex\u00e9cution des Prestations<\/strong><\/li>\n\n\n\n<li>DBD fera ses meilleurs efforts pour ex\u00e9cuter les Prestations conform\u00e9ment au calendrier convenu dans le cadre des CPS.<\/li>\n\n\n\n<li>L\u2019ex\u00e9cution des Prestations est en <a>principe mise en \u0153uvre \u00e0 partir des locaux de DBD<\/a>.<a href=\"#_msocom_2\">[IA2]<\/a>\u00a0<\/li>\n<\/ul>\n\n\n\n<p>Par exception, si la nature sp\u00e9cifique des Prestations le rend n\u00e9cessaire ou permet d\u2019optimiser leurs conditions de r\u00e9alisation, DBD pourra ex\u00e9cuter les Prestations dans un autre lieu, par exemple dans les locaux du Client.<\/p>\n\n\n\n<ul class=\"wp-block-list\">\n<li><strong>Ind\u00e9pendance<\/strong><\/li>\n\n\n\n<li>DBD agit de mani\u00e8re autonome et exerce ses fonctions en toute ind\u00e9pendance.<\/li>\n\n\n\n<li>La conclusion du Contrat conclu en application des pr\u00e9sentes CGS n\u2019a pas pour effet de r\u00e9server au seul Client les comp\u00e9tences issues de son savoir-faire.<\/li>\n\n\n\n<li>Aucune des Parties ne pourra se r\u00e9clamer des stipulations du Contrat pour revendiquer, en aucune mani\u00e8re, la qualit\u00e9 d\u2019agent, de repr\u00e9sentant ou de pr\u00e9pos\u00e9 de l\u2019autre Partie, ni engager l\u2019autre Partie \u00e0 l\u2019\u00e9gard des tiers au-del\u00e0 des Prestations explicitement pr\u00e9vues par le Contrat.<\/li>\n\n\n\n<li>Il n\u2019est form\u00e9, aux termes du Contrat, aucune structure juridique particuli\u00e8re entre les Parties, chacune d\u2019entre elles conservant son enti\u00e8re autonomie, ses responsabilit\u00e9s et sa client\u00e8le propre.<\/li>\n\n\n\n<li>Chaque Partie conserve donc le contr\u00f4le exclusif de ses salari\u00e9s, pr\u00e9pos\u00e9s et agents.<\/li>\n\n\n\n<li><strong>Non-sollicitation, D\u00e9sorganisation<\/strong><\/li>\n\n\n\n<li>Le Client s\u2019interdit tout acte de nature \u00e0 porter atteinte \u00e0 l\u2019ind\u00e9pendance de DBD ou de ses pr\u00e9pos\u00e9s ou collaborateurs.<\/li>\n\n\n\n<li>Le Client s\u2019interdit tout acte de nature \u00e0 provoquer une d\u00e9sorganisation de DBD, notamment par des offres faites \u00e0 des collaborateurs pour devenir salari\u00e9 du Client ou ex\u00e9cuter des missions pour leur propre compte.<\/li>\n<\/ul>\n\n\n\n<p><strong>VII \u2013 Propri\u00e9t\u00e9 intellectuelle &nbsp;<\/strong><\/p>\n\n\n\n<ul class=\"wp-block-list\">\n<li><strong>DBD est l\u2019auteur de l\u2019\u0152uvre cr\u00e9\u00e9e dans le cadre des Prestations<\/strong><\/li>\n\n\n\n<li>DBD garantit que, dans le cadre des Prestations, elle ne proc\u00e8de \u00e0 aucune appropriation illicite de tout ou partie de la cr\u00e9ation d\u2019un tiers.<\/li>\n\n\n\n<li>Si la photographie r\u00e9alis\u00e9e <a>inclut un objet ou une personne <\/a><a href=\"#_msocom_3\">[IA3]<\/a>\u00a0en impliquant un droit de marque, un droit d\u2019auteur, ou un droit \u00e0 l\u2019image, les Parties conviennent que sauf accord expr\u00e8s contraire, il appartient au Client d\u2019obtenir les autorisations requises pour \u00e9viter tout diff\u00e9rend relatif \u00e0 l\u2019\u0152uvre. \u00a0\u00a0<\/li>\n\n\n\n<li><strong>En tant qu\u2019auteur, DBD dispose de droits particuliers sur l\u2019\u0152uvre cr\u00e9\u00e9e dans le cadre des Prestations<\/strong><\/li>\n\n\n\n<li>En tant qu\u2019auteur, DBD b\u00e9n\u00e9ficie du droit d\u2019auteur d\u00e8s la cr\u00e9ation de l\u2019\u0152uvre.<\/li>\n\n\n\n<li>A ce titre, DBD dispose d\u2019un droit d\u2019exploitation et d\u2019un droit moral.<\/li>\n\n\n\n<li>Le droit d\u2019exploitation de l\u2019auteur d\u2019une photographie peut \u00eatre interpr\u00e9t\u00e9 comme son droit d\u2019\u00eatre r\u00e9mun\u00e9r\u00e9 chaque fois qu\u2019il autorise une exploitation de son \u0152uvre. Ce droit patrimonial dure toute la vie de l\u2019auteur et les 70 ann\u00e9es qui suivent son d\u00e9c\u00e8s\u00a0; ensuite l\u2019\u0152uvre tombe dans le domaine public.<\/li>\n\n\n\n<li>Le droit moral de l\u2019auteur comprend le droit au nom, le droit au respect de l\u2019\u0152uvre, le droit de divulgation, le droit de retrait et de repentir. Ce droit moral dure ind\u00e9finiment, m\u00eame apr\u00e8s que l\u2019\u0152uvre est tomb\u00e9e dans le domaine public. En application du droit moral, il convient de respecter\u00a0:<ul><li>le droit au nom\u00a0(mentionner le nom de l\u2019auteur)\u00a0;<\/li><\/ul><ul><li>le droit au respect de l\u2019\u0152uvre\u00a0(ne pas modifier, d\u00e9truire, ou utiliser dans un contexte qui d\u00e9grade ou trahit l\u2019esprit de l\u2019\u0152uvre sans l\u2019accord de l\u2019auteur)\u00a0;<\/li><\/ul><ul><li>le droit de divulgation\u00a0(le photographe est la seule personne qui peut d\u00e9cider de la premi\u00e8re divulgation de son \u0153uvre)\u00a0; et<\/li><\/ul>\n<ul class=\"wp-block-list\">\n<li>le droit <a>de<\/a><strong><em> <\/em><\/strong>repentir et le droit de retrait<a href=\"#_msocom_4\">[IA4]<\/a>\u00a0.<\/li>\n<\/ul>\n<\/li>\n\n\n\n<li>Le droit patrimonial permet \u00e0 l\u2019auteur d\u2019autoriser ou d\u2019interdire les utilisations de son \u0152uvre, et d\u2019en tirer une r\u00e9mun\u00e9ration si son \u0152uvre est utilis\u00e9e par des tiers. Il comprend le droit de reproduction, le droit de repr\u00e9sentation et le droit de suite.<\/li>\n<\/ul>\n\n\n\n<p>Le droit patrimonial du Photographe s\u2019exerce lorsque l\u2019\u0152uvre est reproduite sur un support, quel qu\u2019il soit (support mat\u00e9riel ou immat\u00e9riel, comme sur internet). Le Code de la propri\u00e9t\u00e9 intellectuelle pr\u00e9voit que la r\u00e9mun\u00e9ration due \u00e0 l\u2019auteur d\u00e9pend du contexte d\u2019utilisation de l\u2019\u0152uvre. Ainsi par exemple, le prix varie selon que l\u2019\u0152uvre a simplement vocation \u00e0 \u00eatre encadr\u00e9e et pr\u00e9sent\u00e9e dans le salon familial d\u2019une personne b\u00e9n\u00e9ficiaire \u00e0 qui elle sera offerte, ou qu\u2019elle a vocation \u00e0 constituer un message publicitaire portant une image de marque et diffus\u00e9e \u00e0 cet effet mondialement.<\/p>\n\n\n\n<p>Dans certains cas tr\u00e8s limit\u00e9s et tr\u00e8s sp\u00e9cifiques, la loi pr\u00e9voit que cette obligation de r\u00e9mun\u00e9rer l\u2019auteur ne s\u2019applique pas.<\/p>\n\n\n\n<ul class=\"wp-block-list\">\n<li>DBD se tient, bien s\u00fbr, \u00e0 la disposition du Client pour lui proposer, dans le cadre des CPS, une cession de droits d\u2019auteur qui respecte la r\u00e9glementation applicable, tout en apportant au Client tout le confort d\u2019exploitation qu\u2019il souhaite.<\/li>\n\n\n\n<li>La cession par DBD au Client au titre du droit d\u2019auteur ne comprend que les droits express\u00e9ment mentionn\u00e9s aux CPS, pour la dur\u00e9e et le territoire pr\u00e9cis\u00e9s dans les CPS ou dans l\u2019accord \u00e9crit sp\u00e9cifique conclu par les Parties \u00e0 cet effet. La r\u00e9mun\u00e9ration de cette cession est pr\u00e9sent\u00e9e de mani\u00e8re distincte, par rapport \u00e0 la r\u00e9mun\u00e9ration des Prestations. Le montant de cette r\u00e9mun\u00e9ration d\u00e9pend des conditions dans lesquelles l\u2019\u0152uvre est utilis\u00e9e, notamment\u00a0: supports, format, qualit\u00e9s, quantit\u00e9 d\u2019exemplaires imprim\u00e9s, nombre de tirages, \u00e9ventuels recadrages, pays dans lesquels le Client souhaite exploiter l\u2019\u0152uvre, dur\u00e9e d\u2019exploitation envisag\u00e9e.<\/li>\n\n\n\n<li><strong>Pas <a>de<\/a><\/strong><strong> <\/strong><strong>cession de droit de propri\u00e9t\u00e9 intellectuelle <\/strong><strong><a href=\"#_msocom_5\">[IA5]<\/a>\u00a0<\/strong><strong> <a>sauf<\/a><\/strong><strong> accord<\/strong><strong> expr\u00e8s pr\u00e9alable des Parties <\/strong><strong><a href=\"#_msocom_6\">[IA6]<\/a>\u00a0<\/strong><strong> <\/strong><\/li>\n\n\n\n<li>Le Contrat conclu en application des pr\u00e9sentes CGS n\u2019a pas pour objet de transf\u00e9rer, au profit du Client, la propri\u00e9t\u00e9 intellectuelle de tout ou partie des \u00e9l\u00e9ments couverts par le droit d\u2019auteur composant la Prestation.<\/li>\n\n\n\n<li>Par exception, les Parties peuvent convenir d\u2019une cession de droits dans le cadre des CPS.<\/li>\n\n\n\n<li>Un contrat de vente sur un support mat\u00e9riel (par exemple, un tirage original d\u2019une photographie) n\u2019entra\u00eene pas la cession des droits d\u2019auteur du photographe. Toute utilisation des photographies devra faire l\u2019objet d\u2019une autorisation et d\u2019une facturation distincte.<\/li>\n<\/ul>\n\n\n\n<p><strong>VIII \u2013 Conditions financi\u00e8res&nbsp;<\/strong><\/p>\n\n\n\n<ul class=\"wp-block-list\">\n<li><strong>Modalit\u00e9s de r\u00e9mun\u00e9ration des Prestations<\/strong><\/li>\n\n\n\n<li>Les conditions tarifaires applicables \u00e0 la commande sont indiqu\u00e9es dans le cadre des CPS convenues entre DBD et le Client. Par d\u00e9faut, hors stipulation sp\u00e9cifique des CPS, la confirmation de commande n\u00e9cessite le r\u00e8glement d\u2019un acompte correspondant \u00e0 60% du prix convenu dans les CPS, le solde \u00e9tant payable \u00e0 la livraison.<\/li>\n\n\n\n<li>Les prix mentionn\u00e9s sont indiqu\u00e9s en euros, hors taxes.<\/li>\n\n\n\n<li>La TVA au taux en vigueur s\u2019applique en sus du prix hors taxes indiqu\u00e9.<\/li>\n\n\n\n<li>Le prix stipul\u00e9 dans les CPS ne comprend pas\u00a0:<\/li>\n\n\n\n<li>le co\u00fbt des t\u00e9l\u00e9communications,<\/li>\n\n\n\n<li>le co\u00fbt d&#8217;acc\u00e8s \u00e0 Internet permettant l&#8217;utilisation de la prestation ou l\u2019acc\u00e8s \u00e0 la prestation,<\/li>\n\n\n\n<li>le co\u00fbt du mat\u00e9riel technique permettant l\u2019acc\u00e8s \u00e0 la prestation par le Client.<\/li>\n<\/ul>\n\n\n\n<p>Ces co\u00fbts restent \u00e0 la charge du Client.<\/p>\n\n\n\n<ul class=\"wp-block-list\">\n<li>Pour toute demande de prestation compl\u00e9mentaire, non pr\u00e9vue dans les CPS \u00e0 la signature du Contrat, le travail de DBD est factur\u00e9 au temps pass\u00e9, sur la base du taux horaire standard indiqu\u00e9 dans les CPS.<\/li>\n\n\n\n<li><strong>Facturation<\/strong><\/li>\n\n\n\n<li>DBD \u00e9met la facture selon les modalit\u00e9s d\u00e9finies dans le cadre des CPS.<\/li>\n\n\n\n<li>La facture est libell\u00e9e en euros.<\/li>\n\n\n\n<li><strong>Modalit\u00e9s de paiement<\/strong><\/li>\n\n\n\n<li>Les modes de paiement accept\u00e9s sont les suivants : pr\u00e9l\u00e8vement SEPA et virement bancaire.<\/li>\n\n\n\n<li>Si le mode de paiement choisi par le Client g\u00e9n\u00e8re des frais (quels qu\u2019ils soient, par exemple des frais d\u2019op\u00e9ration ou des frais de change), alors ces frais sont \u00e0 la charge exclusive du Client.<\/li>\n\n\n\n<li><strong>D\u00e9lais de <\/strong><strong>paiement, Paiement anticip\u00e9, Retard de paiement, D\u00e9faut de paiement<\/strong><\/li>\n\n\n\n<li>Les factures sont payables \u00e0 r\u00e9ception.<\/li>\n\n\n\n<li>En cas de paiement comptant ou de r\u00e8glement anticip\u00e9, aucun escompte n\u2019est accord\u00e9.<\/li>\n\n\n\n<li>Les retards de r\u00e8glement et les relances entra\u00eeneront, aux risques et p\u00e9rils du Client d\u00e9biteur, sans pr\u00e9judice de toute action autre que DBD pourrait juger appropri\u00e9e, de plein droit, sans n\u00e9cessit\u00e9 de pr\u00e9avis ni de mise en demeure pr\u00e9alables, sans pr\u00e9judice de tous dommages et int\u00e9r\u00eats que DBD pourrait demander \u00e0 ce titre, sans qu\u2019aucune indemnit\u00e9 ne puisse lui \u00eatre r\u00e9clam\u00e9e sur ce fondement, et selon le libre choix de DBD :<\/li>\n\n\n\n<li>le droit pour DBD de cesser toute mise \u00e0 disposition de la Prestation pour les Commandes pass\u00e9es par le Client ; et\/ou<\/li>\n\n\n\n<li>le droit pour DBD de refuser toute nouvelle commande du Client jusqu\u2019\u00e0 paiement complet des sommes dues par le Client en application du Contrat ; et\/ou<\/li>\n\n\n\n<li>l\u2019application de p\u00e9nalit\u00e9s de retard calcul\u00e9es en prenant en compte un taux d\u2019int\u00e9r\u00eat \u00e9gal au taux d\u2019int\u00e9r\u00eat l\u00e9gal major\u00e9 de dix (10) points de pourcentage ;<\/li>\n\n\n\n<li>des frais forfaitaires de vingt-cinq euros (25,00 \u20ac) HT par courrier de relance ; et<\/li>\n\n\n\n<li>l\u2019application d\u2019une indemnit\u00e9 l\u00e9gale forfaitaire pour frais de recouvrement de quarante euros (40 \u20ac) en application des articles L.441-10 et D.441-5 du Code de commerce ; et<\/li>\n\n\n\n<li>d\u2019\u00e9ventuels frais suppl\u00e9mentaires \u00e0 la charge du Client pour les frais expos\u00e9s du fait des mesures de recouvrement mises en \u0153uvre.<\/li>\n<\/ul>\n\n\n\n<p><strong>IX \u2013Cession du Contrat &nbsp;&nbsp;<\/strong><\/p>\n\n\n\n<ul class=\"wp-block-list\">\n<li>En consid\u00e9ration de la sp\u00e9cificit\u00e9 des obligations propres \u00e0 chacune des Parties dans le cadre du Contrat, le Client s\u2019interdit de c\u00e9der, en tout ou partie, ledit Contrat, sans l&#8217;accord pr\u00e9alable expr\u00e8s \u00e9crit de DBD.<\/li>\n<\/ul>\n\n\n\n<p><strong>X \u2013Inex\u00e9cution, Impr\u00e9vision, Force majeure, Assurances<\/strong><\/p>\n\n\n\n<ul class=\"wp-block-list\">\n<li><strong>Inex\u00e9cution<\/strong><\/li>\n\n\n\n<li>Le Contrat pourra \u00eatre r\u00e9sili\u00e9, de plein droit et sans formalit\u00e9, par l&#8217;une des Parties, en cas de manquement grave par l&#8217;autre Partie \u00e0 l&#8217;une de ses obligations contractuelles essentielles, si ce manquement n&#8217;est pas corrig\u00e9 par la Partie en manquement dans un d\u00e9lai de trente (30) jours suivant r\u00e9ception d&#8217;une lettre recommand\u00e9e avec demande d\u2019avis de r\u00e9ception (LRAR) notifiant ce manquement, et sans pr\u00e9judice des dommages et int\u00e9r\u00eats auxquels la Partie ayant pris l&#8217;initiative de la r\u00e9siliation pourrait pr\u00e9tendre.<\/li>\n\n\n\n<li>La r\u00e9siliation du Contrat ne remet pas en question le paiement des sommes dues \u00e0 DBD.<\/li>\n\n\n\n<li><strong>Impr\u00e9vision<\/strong><\/li>\n\n\n\n<li>En cas de modification substantielle des circonstances imposant \u00e0 l&#8217;une des Parties une charge in\u00e9quitable et bouleversant l\u2019\u00e9conomie contractuelle initiale du Contrat conclu en application des pr\u00e9sentes CGS, les Parties se consulteront aux fins de trouver des ajustements (conformes \u00e0 l\u2019\u00e9conomie contractuelle initiale) \u00e0 cet accord.<\/li>\n\n\n\n<li>A cet effet, la Partie dont l\u2019inex\u00e9cution des obligations contractuelles est affect\u00e9e doit adresser un courrier par lettre recommand\u00e9e avec demande d\u2019avis de r\u00e9ception (LRAR) \u00e0 l\u2019autre Partie, pour solliciter la ren\u00e9gociation du Contrat.<\/li>\n\n\n\n<li>Ledit courrier doit exposer de mani\u00e8re claire et \u00e9vidente, avec tous les justificatifs n\u00e9cessaires, la situation de duret\u00e9 \u00e0 laquelle la Partie est confront\u00e9e, et formuler des propositions de r\u00e9vision du Contrat propres \u00e0 r\u00e9tablir l\u2019\u00e9quilibre contractuel initialement envisag\u00e9 par les Parties, sans bouleverser l\u2019\u00e9conomie contractuelle initiale.<\/li>\n\n\n\n<li>A d\u00e9faut d\u2019accord dans un d\u00e9lai de trente (30) jours \u00e0 compter de la r\u00e9ception dudit courrier par l\u2019autre Partie, la Partie dont l\u2019inex\u00e9cution des obligations contractuelles est affect\u00e9e pourra r\u00e9silier le Contrat de mani\u00e8re unilat\u00e9rale, par lettre recommand\u00e9e avec demande d\u2019avis de r\u00e9ception (LRAR), en exposant ses motifs et en rendant compte des tentatives de ren\u00e9gociation mises en \u0153uvre et des causes de leur \u00e9chec.<\/li>\n\n\n\n<li>En toutes hypoth\u00e8ses, la r\u00e9siliation du Contrat ne remet pas en question le paiement des sommes dues.<\/li>\n\n\n\n<li><a><strong>Force majeure<\/strong><\/a><\/li>\n\n\n\n<li>L\u2019ex\u00e9cution par les Parties de leurs obligations respectives aux termes du Contrat sera suspendue pendant la p\u00e9riode durant laquelle l\u2019une des Parties serait emp\u00each\u00e9e de remplir ses obligations en raison d\u2019un cas de force majeure au sens de l\u2019article 1218 du Code civil et dans les conditions ci-apr\u00e8s.<\/li>\n<\/ul>\n\n\n\n<p>Toute Partie affect\u00e9e par un cas de force majeure en avisera rapidement l\u2019autre, et s\u2019efforcera d\u2019y rem\u00e9dier avec toute la diligence raisonnable possible. Pour l&#8217;objet des pr\u00e9sentes, sont assimil\u00e9s \u00e0 des cas de force majeure, outre ceux habituellement retenus par la jurisprudence des tribunaux fran\u00e7ais et sans que cette liste ne soit exhaustive, les s\u00e9ismes, \u00e9pid\u00e9mies, incendies, d\u00e9g\u00e2ts provoqu\u00e9s par la foudre, explosions, inondations, intemp\u00e9ries, \u00e9tats d&#8217;hostilit\u00e9s, de conflits arm\u00e9s ou de guerre, \u00e9meutes, mouvements populaires, gr\u00e8ves ou conflits du travail, la d\u00e9faillance de longue dur\u00e9e du r\u00e9seau public de distribution d&#8217;\u00e9lectricit\u00e9, coupures d\u2019alimentation \u00e9lectrique de plus de huit heures, actions ou omissions d\u2019un tiers dont une Partie n\u2019est pas responsable.<\/p>\n\n\n\n<p>La survenance d\u2019un cas de force majeure pourra suspendre les obligations contractuelles pour une dur\u00e9e \u00e9quivalente \u00e0 celle de la dur\u00e9e de l\u2019\u00e9v\u00e9nement consid\u00e9r\u00e9. Chacune des Parties pourra demander une modification du Contrat ou de la Prestation dont l&#8217;ex\u00e9cution est perturb\u00e9e, de mani\u00e8re \u00e0 pallier les effets d\u2019un cas de force majeure. Dans ce cas, les Parties se r\u00e9uniront pour d\u00e9cider des modalit\u00e9s selon lesquelles l\u2019ex\u00e9cution des obligations au titre du pr\u00e9sent Contrat se poursuivra.<\/p>\n\n\n\n<p>En cas de persistance de l\u2019\u00e9v\u00e9nement de force majeure pendant plus de trente (30) jours calendaires, chacune des Parties pourra r\u00e9silier de plein droit le Contrat en respectant un pr\u00e9avis de quinze (15) jours calendaires, sans qu\u2019aucune indemnit\u00e9 ne soit exigible de l\u2019une ou l\u2019autre Partie du fait de la r\u00e9siliation.<\/p>\n\n\n\n<ul class=\"wp-block-list\">\n<li><a><strong>Assurances<\/strong><\/a><\/li>\n\n\n\n<li>Chaque Partie d\u00e9clare \u00eatre titulaire d\u2019une ou plusieurs police(s) d\u2019assurance souscrite(s) aupr\u00e8s d\u2019une compagnie d\u2019assurance notoire garantissant sa responsabilit\u00e9 civile, sa responsabilit\u00e9 professionnelle, et les risques informatiques, ainsi que les pr\u00e9judices d\u2019image et de r\u00e9putation pour elle-m\u00eame et pour ses pr\u00e9pos\u00e9s, selon des termes propres \u00e0 couvrir les \u00e9ventuels risques li\u00e9s au Contrat. Chaque Partie s\u2019engage \u00e0 maintenir en vigueur cette\/ces police(s) d\u2019assurance par le paiement r\u00e9gulier des primes et \u00e0 en attester \u00e0 premi\u00e8re demande.<\/li>\n<\/ul>\n\n\n\n<p><strong>XI \u2013Confidentialit\u00e9, Communication, Donn\u00e9es \u00e0 caract\u00e8re personnel<\/strong><\/p>\n\n\n\n<ul class=\"wp-block-list\">\n<li><strong>Confidentialit\u00e9<\/strong><\/li>\n\n\n\n<li>Chaque Partie s&#8217;engage \u00e0 consid\u00e9rer comme confidentiels, et \u00e0 ne pas reproduire ni divulguer, autrement que pour les seuls besoins de l&#8217;ex\u00e9cution du Contrat, tout document ou information remis par la Partie divulgatrice pour la mise en \u0153uvre du Contrat et au cours de l&#8217;ex\u00e9cution du Contrat et qui, en raison de leur contenu technique, commercial ou financier devraient \u00eatre tenus pour confidentiels comme comportant des \u00e9l\u00e9ments non divulgu\u00e9s publiquement et\/ou purement personnels \u00e0 la Partie concern\u00e9e.<\/li>\n<\/ul>\n\n\n\n<p>Cette obligation engage les Parties pendant la dur\u00e9e d\u2019ex\u00e9cution du Contrat et pendant une dur\u00e9e de cinq (5) ans suivant sa cessation pour quelque cause et sous quelque forme que ce soit.<\/p>\n\n\n\n<ul class=\"wp-block-list\">\n<li><strong>Communication<\/strong><\/li>\n\n\n\n<li>Par exception \u00e0 la pr\u00e9c\u00e9dente clause, les Parties conviennent qu\u2019en consid\u00e9ration de la nature sp\u00e9cifique des activit\u00e9s de DBD, celle-ci a besoin de pouvoir pr\u00e9senter \u00e0 ses prospects des exemples de r\u00e9alisations effectu\u00e9es et qu\u2019en cons\u00e9quence, les Parties conviennent que DBD pourra mentionner la collaboration objet du pr\u00e9sent Contrat pour t\u00e9moigner de son expertise et de son savoir-faire\u00a0; cette communication se fera sans divulgation d\u2019information confidentielle concernant le Client.<\/li>\n\n\n\n<li><strong>Donn\u00e9es<\/strong><strong> \u00e0 caract\u00e8re personnel<\/strong><\/li>\n\n\n\n<li>DBD et le Client s\u2019engagent \u00e0 respecter scrupuleusement la r\u00e8glementation applicable en mati\u00e8re de donn\u00e9es \u00e0 caract\u00e8re personnel. Chaque Partie reste \u00e0 cet \u00e9gard responsable des obligations que la r\u00e8glementation applicable met \u00e0 sa charge, notamment en application de la Loi du 6 janvier 1978 relative \u00e0 l\u2019informatique, aux fichiers et aux libert\u00e9s, et en application du R\u00e8glement 2016\/679 du Parlement europ\u00e9en et du Conseil du 27 avril 2016 relatif \u00e0 la protection des personnes physiques \u00e0 l&#8217;\u00e9gard du traitement des donn\u00e9es \u00e0 caract\u00e8re personnel et \u00e0 la libre circulation de ces donn\u00e9es, et abrogeant la directive 95\/46\/CE (R\u00e8glement G\u00e9n\u00e9ral sur la Protection des Donn\u00e9es).<\/li>\n<\/ul>\n\n\n\n<p><strong>XI \u2013 Dur\u00e9e &nbsp;<\/strong><\/p>\n\n\n\n<ul class=\"wp-block-list\">\n<li>La dur\u00e9e du Contrat conclu en application des pr\u00e9sentes CGS est sp\u00e9cifi\u00e9e dans les CPS.<\/li>\n\n\n\n<li>En toutes hypoth\u00e8ses, sauf accord \u00e9crit expr\u00e8s pr\u00e9alable des Parties en ce sens, les CGS en vigueur s\u2019appliquent pour toute Commande pass\u00e9e aupr\u00e8s de DBD.<\/li>\n<\/ul>\n\n\n\n<p><strong>XII \u2013 Application,<a> Opposabilit\u00e9, Loi applicable, R\u00e8glement des <\/a>diff\u00e9rends<\/strong><\/p>\n\n\n\n<ul class=\"wp-block-list\">\n<li>Ensemble, le devis et les pr\u00e9sentes CGS forment le Contrat, dont les termes r\u00e9gissent la relation commerciale entre les Parties.<\/li>\n\n\n\n<li>Le Prestataire se r\u00e9serve la possibilit\u00e9 de modifier les pr\u00e9sentes CGS, \u00e0 tout moment, par la publication d\u2019une nouvelle version. Les CGS applicables alors sont celles \u00e9tant en vigueur \u00e0 la date de la signature du Contrat.<\/li>\n\n\n\n<li>Le Client d\u00e9clare et garantit qu\u2019il a l\u2019autorit\u00e9 n\u00e9cessaire pour s\u2019engager au titre des pr\u00e9sentes et dans le cadre du Contrat.<\/li>\n\n\n\n<li>Par la passation d\u2019une commande, le Client d\u00e9clare et garantit son accord, sans restriction ni r\u00e9serve, sur les termes des pr\u00e9sentes CGS.<\/li>\n\n\n\n<li>Si l\u2019une des stipulations des pr\u00e9sentes CGS \u00e9tait annul\u00e9e, cette nullit\u00e9 n\u2019entra\u00eenerait pas la nullit\u00e9 des autres stipulations qui demeureront en vigueur.<\/li>\n\n\n\n<li>Les Parties s\u2019engagent \u00e0 ex\u00e9cuter de bonne foi les engagements souscrits en application des pr\u00e9sentes CGS.\u00a0<\/li>\n\n\n\n<li>Pour l\u2019interpr\u00e9tation du Contrat, en cas de contradiction entre les stipulations de certains documents composant le Contrat, la priorit\u00e9 est accord\u00e9e aux clauses particuli\u00e8res indiqu\u00e9es dans les CPS, puis aux mentions des CGS.<\/li>\n\n\n\n<li>Les CPS peuvent \u00eatre modifi\u00e9es sur simple accord \u00e9crit Parties. Dans ce cas, pour l\u2019interpr\u00e9tation du Contrat, en cas de contradiction entre les stipulations de certains documents composant le Contrat, la priorit\u00e9 est accord\u00e9e aux modifications expresses \u00e9crites des CPS, puis aux clauses particuli\u00e8res indiqu\u00e9es dans les CPS, puis aux mentions des CGS.<\/li>\n\n\n\n<li>Pour l\u2019interpr\u00e9tation du Contrat, les intitul\u00e9s des articles et\/ou paragraphes ont principalement vocation \u00e0 faciliter la lecture du document\u00a0; le contenu des clauses a vocation \u00e0 primer sur leur intitul\u00e9.<\/li>\n\n\n\n<li>Si, pour une quelconque raison, une juridiction comp\u00e9tente juge une stipulation du Contrat conclu en application des pr\u00e9sentes CGS invalide ou inapplicable, cette stipulation sera appliqu\u00e9e dans la plus grande mesure possible et les autres stipulations resteront pleinement en vigueur et produiront leurs effets.<\/li>\n\n\n\n<li><strong>Loi applicable<\/strong><\/li>\n\n\n\n<li>Le Contrat conclu en application des pr\u00e9sentes CGS est r\u00e9gi par le droit fran\u00e7ais \u2013 m\u00eame en cas de conflits de lois et m\u00eame en cas de pluralit\u00e9 de d\u00e9fendeurs-.\u00a0<\/li>\n\n\n\n<li>Le Contrat est soumis au droit fran\u00e7ais -m\u00eame en cas de conflit de lois, ou en cas de pluralit\u00e9 de d\u00e9fendeurs-.<\/li>\n\n\n\n<li><strong>R\u00e8glement des diff\u00e9rends<\/strong><\/li>\n\n\n\n<li>Les Parties s\u2019efforceront de r\u00e9gler amiablement tout diff\u00e9rend qui pourrait survenir \u00e0 l\u2019occasion du Contrat.<\/li>\n\n\n\n<li>Les Parties conviennent de respecter\u00a0:<\/li>\n\n\n\n<li>les dispositions de l\u2019article L.442-6-I, 8\u00b0 du Code de commerce aux termes duquel engage la responsabilit\u00e9 de son auteur et l\u2019oblige \u00e0 r\u00e9parer le pr\u00e9judice le fait pour un professionnel de d\u00e9duire d\u2019office du montant de la facture les p\u00e9nalit\u00e9s ou rabais correspondant au non-respect d\u2019une date de livraison ou \u00e0 une non-conformit\u00e9 sans que le prestataire n\u2019ait \u00e9t\u00e9 en mesure de contr\u00f4ler la r\u00e9alit\u00e9 du grief all\u00e9gu\u00e9.<\/li>\n\n\n\n<li>le principe qu\u2019un diff\u00e9rend ne constitue pas une raison objective pour ne pas \u00e9mettre ou r\u00e9gler une facture, au sens du 7e du I de l\u2019article L.442-6 du Code de commerce, et ne doit pas servir de pr\u00e9texte pour retarder le paiement.\u00a0<\/li>\n\n\n\n<li>Tout diff\u00e9rend qui na\u00eetrait de l\u2019interpr\u00e9tation, de l\u2019ex\u00e9cution, de l\u2019inex\u00e9cution, ou des suites, ou<br>cons\u00e9quences du Contrat sera soumis aux juridictions comp\u00e9tentes du ressort de la Cour d\u2019appel de Lyon.<\/li>\n<\/ul>\n\n\n\n<p><strong>Conditions Particuli\u00e8res de prestations<\/strong><\/p>\n\n\n\n<p><strong>Photographie<\/strong><\/p>\n\n\n\n<p><strong>La r\u00e9daction de cette section \u00ab&nbsp;CPS&nbsp;\u00bb n\u2019est pas comprise dans la mission du Cabinet, il s\u2019agit d\u2019une simple suggestion de pr\u00e9sentation<\/strong><strong><\/strong><\/p>\n\n\n\n<ul class=\"wp-block-list\">\n<li><strong>Client, identit\u00e9\u00a0:<\/strong><\/li>\n<\/ul>\n\n\n\n<ul class=\"wp-block-list\">\n<li><strong>Client, interlocuteur privil\u00e9gi\u00e9, d\u00fbment habilit\u00e9 \u00e0 l\u2019effet des pr\u00e9sentes\u00a0(nom, fonction \/ titre, adresse postale, num\u00e9ro(s) de t\u00e9l\u00e9phone, adresse \u00e9lectronique) :<\/strong><\/li>\n<\/ul>\n\n\n\n<ul class=\"wp-block-list\">\n<li><strong>Prestataire DBD, interlocuteur privil\u00e9gi\u00e9, d\u00fbment habilit\u00e9 \u00e0 l\u2019effet des pr\u00e9sentes\u00a0(nom, fonction \/ titre, adresse postale, num\u00e9ro(s) de t\u00e9l\u00e9phone, adresse \u00e9lectronique)\u00a0: <\/strong>Monsieur<a> Abdou N\u2019Diaye <\/a><a href=\"#_msocom_7\">[IA7]<\/a>\u00a0 \u00a0<\/li>\n<\/ul>\n\n\n\n<ul class=\"wp-block-list\">\n<li><strong>Projet du Client dans le cadre duquel s\u2019inscrivent les prestations\u00a0:<\/strong><\/li>\n<\/ul>\n\n\n\n<ul class=\"wp-block-list\">\n<li><strong>Caract\u00e9ristiques des <\/strong><strong>photographies<\/strong><strong> command\u00e9es, Livrable convenu<\/strong><\/li>\n\n\n\n<li>photographies en noir et blanc ou en couleur\u00a0:<\/li>\n\n\n\n<li>format<\/li>\n\n\n\n<li>support<\/li>\n\n\n\n<li>typologie de la description l\u00e9gend\u00e9e qui accompagnera la photographie<\/li>\n\n\n\n<li>si applicable, nombre d\u2019allers-retours\u00a0:<\/li>\n<\/ul>\n\n\n\n<ul class=\"wp-block-list\">\n<li><strong>D\u00e9lais<\/strong><\/li>\n\n\n\n<li>Date convenue pour la r\u00e9alisation de la prise de photographies\u00a0:<\/li>\n\n\n\n<li>Date convenue pour la livraison\u00a0:<\/li>\n\n\n\n<li>D\u00e9lai limite convenu de report, en cas d\u2019urgence technique\u00a0:\u00a0 \u00a0<\/li>\n<\/ul>\n\n\n\n<ul class=\"wp-block-list\">\n<li><strong>Dur\u00e9e escompt\u00e9e pour la mission :<\/strong><\/li>\n\n\n\n<li><strong>Dur\u00e9e maximum d\u2019utilisation du forfait pour cette mission\u00a0:<\/strong><\/li>\n\n\n\n<li><strong>En cas de d\u00e9passement de forfait\u00a0:<\/strong>\n<ul class=\"wp-block-list\">\n<li><strong>Facturation au taux horaire standard de = <\/strong><strong>[<\/strong><strong> <\/strong><strong>150<\/strong><strong> <\/strong><strong>]<\/strong><strong> \u20acHT\/h<\/strong><\/li>\n<\/ul>\n<\/li>\n<\/ul>\n\n\n\n<ul class=\"wp-block-list\">\n<li><strong>Le livrable convenu contient une \u0152uvre et le Client souhaite la cession du droit d\u2019auteur sur l\u2019\u0152uvre, indiquer express\u00e9ment ici le projet du Client quant \u00e0 l\u2019utilisation de l\u2019\u0152uvre :<\/strong><\/li>\n<\/ul>\n\n\n\n<ul class=\"wp-block-list\">\n<li><strong>Modalit\u00e9s d\u2019utilisation de l\u2019\u0152uvre que le Client souhaite (veiller \u00e0 bien pr\u00e9ciser les supports)\u00a0:<\/strong><ul><li><strong>Description de l\u2019Ouvre concern\u00e9e<\/strong><\/li><\/ul><ul><li><strong>Cession \u00e0 titre exclusif<\/strong><\/li><\/ul><ul><li><strong>Au profit du Client et de ses ayants droit<\/strong><\/li><\/ul><ul><li><strong>Droit de reproduction<\/strong><\/li><\/ul><ul><li><strong>Droit de repr\u00e9sentation<\/strong><\/li><\/ul><ul><li><strong>Droit d\u2019adaptation audiovisuelle (si oui, les Parties r\u00e9digent sur un document distinct la cession des droits d\u2019adaptation audiovisuelle, conform\u00e9ment aux termes de l\u2019article L.131-3 alin\u00e9a 3 du Code de la propri\u00e9t\u00e9 intellectuelle)<\/strong><\/li><\/ul><ul><li><strong>Dur\u00e9e pour laquelle la cession des droits de propri\u00e9t\u00e9 intellectuelle convenus entre les Parties sont consentis<\/strong><\/li><\/ul>\n<ul class=\"wp-block-list\">\n<li><strong>Territoire pour lequel la cession des droits de propri\u00e9t\u00e9 intellectuelle convenus entre les Parties sont consentis<\/strong><\/li>\n<\/ul>\n<\/li>\n<\/ul>\n\n\n\n<ul class=\"wp-block-list\">\n<li><strong>Conditions financi\u00e8res, Prix<\/strong><ul><li><strong>Pour les prestations, hors r\u00e9mun\u00e9ration de la cession du droit d\u2019auteur sur l\u2019\u0152uvre<\/strong><\/li><\/ul><ul><li><strong>R\u00e9mun\u00e9ration sp\u00e9cifique, pour la cession du droit d\u2019auteur sur l\u2019\u0152uvre<\/strong><\/li><\/ul>\n<ul class=\"wp-block-list\">\n<li><strong>Modalit\u00e9s de facturation<\/strong><\/li>\n<\/ul>\n<\/li>\n<\/ul>\n\n\n\n<p>Date&nbsp;: 01\/12\/2024<\/p>\n\n\n\n<p>Lieu Lyon<\/p>\n\n\n\n<p>Signature Client, identit\u00e9 du signataire, fonction\/titre et mentions \u00ab&nbsp;<em>Pour la soci\u00e9t\u00e9 \u2026 , Monsieur \/ Madame \u2026. , en qualit\u00e9 de \u2026. d\u00fbment habilit\u00e9 aux fins des pr\u00e9sentes \u2026. Bon pour accord sur ces modalit\u00e9s d\u2019intervention en CGS et CPS.&nbsp;<\/em>\u00bb<\/p>\n\n\n\n<p>Signature de DBD<\/p>\n\n\n\n<hr class=\"wp-block-separator has-alpha-channel-opacity\"\/>\n\n\n\n<p><a id=\"_msocom_1\"><\/a><\/p>\n\n\n\n<p>&nbsp;<a href=\"#_msoanchor_1\">[IA1]<\/a>Il existe une distinction fondamentale entre les auteurs-photographes consid\u00e9r\u00e9s comme des artistes, et les artisans photographes. Il existe aussi d\u2019autres cat\u00e9gories comme les pigistes, les photographes salari\u00e9s, les non-professionnels.<\/p>\n\n\n\n<p>La qualification est tr\u00e8s importante : elle impacte les prestations susceptibles d\u2019\u00eatre r\u00e9alis\u00e9es, le r\u00e9gime fiscal et le taux de TVA applicables, les cotisations<\/p>\n\n\n\n<p>sociales applicables, etc. Cela a donc des cons\u00e9quences en cas de non-respect de la r\u00e9glementation applicable, notamment : amendes, redressements, condamnations dans le cadre d\u2019actions en concurrence d\u00e9loyale. Il convient d\u2019\u00eatre vigilant.<\/p>\n\n\n\n<p><a id=\"_msocom_2\"><\/a><\/p>\n\n\n\n<p>&nbsp;<a href=\"#_msoanchor_2\">[IA2]<\/a>D\u2019une part, le Prestataire est suppos\u00e9 disposer des ressources n\u00e9cessaires \u00e0 l\u2019ex\u00e9cution des Prestations (notamment les locaux et le mat\u00e9riel). D\u2019autre part, le Client est rassur\u00e9 de voir dans le contrat de prestations de services des indices qui compliqueraient une \u00e9ventuelle demande (formul\u00e9e par le Prestataire) de requalification de la relation commerciale en contrat de travail.<\/p>\n\n\n\n<p><a id=\"_msocom_3\"><\/a><\/p>\n\n\n\n<p>&nbsp;<a href=\"#_msoanchor_3\">[IA3]<\/a>\u2022Attention &nbsp;: si l\u2019\u0153uvre est prot\u00e9g\u00e9e par un DPI, il faut s\u2019assurer du respect des droits patrimoniaux , si les \u0153uvres ne sont pas tomb\u00e9es dans le domaine public en termes de droit d\u2019auteur<\/p>\n\n\n\n<p>\u2022Attention&nbsp; : si l\u2019\u0153uvre est prot\u00e9g\u00e9e par un DPI, il faut s\u2019assurer du respect des droits moraux de l\u2019auteur de l\u2019\u0153uvre initiale (paternit\u00e9, droit au respect de l\u2019\u0153uvre)&nbsp;&nbsp;<\/p>\n\n\n\n<p>&#8211; Attention : en pratique, si les \u0153uvres ne rel\u00e8vent pas encore du domaine public, le photographe doit demander l\u2019autorisation \u00e9crite des artistes \/ architectes (ou leurs ayants droits) des \u0153uvres\/objets photographi\u00e9s, s\u2019il souhaite faire une exploitation commerciale des photographies qui les repr\u00e9sentent<\/p>\n\n\n\n<p>&#8211; Attention : en pratique, si ensuite le photographe c\u00e8de ses droits, il doit indiquer \u00e0 son acheteur qu\u2019il n\u2019est pas responsable des droits des tiers<\/p>\n\n\n\n<p><a id=\"_msocom_4\"><\/a><\/p>\n\n\n\n<p>&nbsp;<a href=\"#_msoanchor_4\">[IA4]<\/a>Si l\u2019auteur souhaite retirer son \u0153uvre de la circulation, il peut le faire (des conditions tr\u00e8s strictes s\u2019appliquent toutefois).<\/p>\n\n\n\n<p><a id=\"_msocom_5\"><\/a><\/p>\n\n\n\n<p>&nbsp;<a href=\"#_msoanchor_5\">[IA5]<\/a><strong>Article L.131-4 du Code de la propri\u00e9t\u00e9 intellectuelle<\/strong>\u2028L<em>a cession par l&#8217;auteur de ses droits sur son \u0153uvre peut \u00eatre totale ou partielle. Elle doit comporter au profit de l&#8217;auteur la participation proportionnelle aux recettes provenant de la vente ou de l&#8217;exploitation.<\/em>&nbsp;\u2028<em>Toutefois, la r\u00e9mun\u00e9ration de l&#8217;auteur peut \u00eatre \u00e9valu\u00e9e forfaitairement dans les cas suivants&nbsp;:<\/em>&nbsp;\u2028<em>1\u00ba la base de calcul de la participation proportionnelle ne peut \u00eatre pratiquement d\u00e9termin\u00e9e&nbsp;;<\/em>&nbsp;\u2028<em>2\u00ba les moyens de contr\u00f4ler l&#8217;application de la participation font d\u00e9faut&nbsp;;<\/em>&nbsp;\u2028<em>3\u00ba les frais des op\u00e9rations de calcul et de contr\u00f4le seraient hors de proportion avec les r\u00e9sultats \u00e0 atteindre&nbsp;;<\/em>&nbsp;\u2028<em>4\u00ba la nature ou les conditions de l&#8217;exploitation rendent impossible l&#8217;application de la r\u00e8gle de la r\u00e9mun\u00e9ration proportionnelle, soit que la contribution de l&#8217;auteur ne constitue pas l&#8217;un des \u00e9l\u00e9ments essentiels de la cr\u00e9ation intellectuelle de l&#8217;\u0153uvre, soit que l&#8217;utilisation de l&#8217;\u0153uvre ne pr\u00e9sente qu&#8217;un caract\u00e8re accessoire par rapport \u00e0 l&#8217;objet exploit\u00e9&nbsp;;<\/em>&nbsp;\u2028<em>5\u00ba en cas de cession des droits portant sur un logiciel&nbsp;;<\/em>&nbsp;\u2028<em>6\u00ba dans les autres cas pr\u00e9vus au pr\u00e9sent code.<\/em>&nbsp;\u2028<em>Est \u00e9galement licite la conversion entre les parties, \u00e0 la demande de l&#8217;auteur, des droits provenant des contrats en vigueur en annuit\u00e9s forfaitaires pour des dur\u00e9es \u00e0 d\u00e9terminer entre les parties.<\/em><\/p>\n\n\n\n<p><a id=\"_msocom_6\"><\/a><\/p>\n\n\n\n<p>&nbsp;<a href=\"#_msoanchor_6\">[IA6]<\/a>-si vous vendez un tirage ou un n\u00e9gatif, l\u2019acheteur n\u2019acquiert pas de ce seul fait, les droits sur l\u2019\u0153uvre elle-m\u00eame : la propri\u00e9t\u00e9 mat\u00e9rielle est ind\u00e9pendante de la propri\u00e9t\u00e9 intellectuelle<\/p>\n\n\n\n<p>-si l\u2019acheteur souhaite une cession des droits d\u2019auteur (droits patrimoniaux, puisque les droits moraux sont incessibles), alors il faudra n\u00e9cessairement l\u2019indiquer express\u00e9ment dans un \u00e9crit \u00e0 \u00e0 d\u00e9faut, il est pr\u00e9f\u00e9rable de mentionner que \u00ab&nbsp;Ce contrat de vente n\u2019entra\u00eene pas la cession des droits d\u2019auteur du photographe. Toute utilisation des photographies devra faire l\u2019objet d\u2019une autorisation et d\u2019une facturation distincte&nbsp;\u00bb<\/p>\n\n\n\n<p><a id=\"_msocom_7\"><\/a><\/p>\n\n\n\n<p>&nbsp;<a href=\"#_msoanchor_7\">[IA7]<\/a>(1) A discuter : juridiction arbitrale (mode amiable\/alternatif de r\u00e8glement des diff\u00e9rends) ou juridiction \u00e9tatique?<\/p>\n\n\n\n<p>En droit fran\u00e7ais, il existe des juridictions sp\u00e9cialis\u00e9es en mati\u00e8re de droit d\u2019auteur; il peut \u00eatre pr\u00e9f\u00e9rable, compte tenu de la technicit\u00e9 de la mati\u00e8re, et du niveau \u00e9lev\u00e9 de protection accord\u00e9 \u00e0 l\u2019auteur de photographie, de rester sur une comp\u00e9tence des tribunaux \u00e9tatiques.<\/p>\n\n\n\n<p>(2) Il conviendra de pr\u00e9ciser la structure d\u2019exercice, le Siret\/num\u00e9ro d\u2019immatriculation, et statut sous lequel l\u2019activit\u00e9 est exerc\u00e9e (auteur photographe, artisan photographe, photojournaliste). Attention, le photographe non-professionnel ne peut pas r\u00e9aliser les activit\u00e9s de fa\u00e7on r\u00e9guli\u00e8re et il ne peut pas r\u00e9aliser toutes les activit\u00e9s li\u00e9es \u00e0 la photographie. Il existe aussi des prestations li\u00e9es \u00e0 la photographie, qui sont exclusivement r\u00e9serv\u00e9es \u00e0 l\u2019artisan photographe.<\/p>\n\n\n\n<p>Attention, le non-respect des r\u00e9glementations relatives au statut du photographe expose \u00e0 des amendes et \u00e0 des redressements (de la part de l\u2019administration fiscale, et de l\u2019Urssaf, notamment) et \u00e0 des actions en concurrence d\u00e9loyale de la part de concurrents qui respectent la l\u00e9gislation.<\/p>\n","protected":false},"excerpt":{"rendered":"<p>DESIGN BY DOUD SIRET 983324682 CONDITIONS GENERALES DE PRESTATIONS DE SERVICES B2B Num\u00e9ro de version des pr\u00e9sentes CGS&nbsp;:&nbsp; V1.1 I &#8211; Objet II &#8211; Prestations III<span class=\"excerpt-hellip\"> [\u2026]<\/span><\/p>\n","protected":false},"author":1,"featured_media":0,"parent":0,"menu_order":0,"comment_status":"closed","ping_status":"closed","template":"","meta":{"footnotes":""},"class_list":["post-2428","page","type-page","status-publish","hentry"],"_links":{"self":[{"href":"https:\/\/design-by-doud.com\/index.php\/wp-json\/wp\/v2\/pages\/2428","targetHints":{"allow":["GET"]}}],"collection":[{"href":"https:\/\/design-by-doud.com\/index.php\/wp-json\/wp\/v2\/pages"}],"about":[{"href":"https:\/\/design-by-doud.com\/index.php\/wp-json\/wp\/v2\/types\/page"}],"author":[{"embeddable":true,"href":"https:\/\/design-by-doud.com\/index.php\/wp-json\/wp\/v2\/users\/1"}],"replies":[{"embeddable":true,"href":"https:\/\/design-by-doud.com\/index.php\/wp-json\/wp\/v2\/comments?post=2428"}],"version-history":[{"count":1,"href":"https:\/\/design-by-doud.com\/index.php\/wp-json\/wp\/v2\/pages\/2428\/revisions"}],"predecessor-version":[{"id":2429,"href":"https:\/\/design-by-doud.com\/index.php\/wp-json\/wp\/v2\/pages\/2428\/revisions\/2429"}],"wp:attachment":[{"href":"https:\/\/design-by-doud.com\/index.php\/wp-json\/wp\/v2\/media?parent=2428"}],"curies":[{"name":"wp","href":"https:\/\/api.w.org\/{rel}","templated":true}]}}